{"id":321,"date":"2015-05-26T09:11:07","date_gmt":"2015-05-26T07:11:07","guid":{"rendered":"http:\/\/ghae.fr\/?page_id=321"},"modified":"2023-03-20T10:16:53","modified_gmt":"2023-03-20T09:16:53","slug":"boxe","status":"publish","type":"page","link":"http:\/\/ghae.fr\/?page_id=321","title":{"rendered":"Boxe"},"content":{"rendered":"<p style=\"text-align: center;\"><span style=\"color: #00ff00;\"><strong>ENTRA\u00ceNEUR\u00a0&#8211; FORMATEUR &#8211; DIRIGEANT<\/strong><\/span><\/p>\n<p style=\"text-align: center;\"><span style=\"color: #00ff00;\"><strong>BOXE &#8211; SPORTS DE CONTACT<\/strong><\/span><\/p>\n<p><span style=\"color: #00ccff;\">\u2022 Depuis 2017 : Formateur Pr\u00e9v\u00f4ts F\u00e9d\u00e9raux &amp; BPJEPS Mention Boxe pour la <a style=\"color: #00ccff;\" href=\"http:\/\/www.ffboxe.asso.fr\/\" target=\"_blank\" rel=\"noopener noreferrer\">F\u00e9d\u00e9ration Fran\u00e7aise de Boxe<\/a> au <\/span><a href=\"http:\/\/www.creps-aquitaine.fr\/\" target=\"_blank\" rel=\"noopener noreferrer\"><span style=\"color: #00ccff;\">CREPS de Bordeaux<\/span><\/a><\/p>\n<p><span style=\"color: #00ccff;\">\u2022 Depuis 2016 : Secr\u00e9taire G\u00e9n\u00e9ral du Comit\u00e9 D\u00e9partemental des Pyr\u00e9n\u00e9es Atlantiques de Boxe<\/span><\/p>\n<p><span style=\"color: #00ccff;\">\u2022 Depuis 2015 : Membre\u00a0de la Commission Juridique\/Discipline du <a style=\"color: #00ccff;\" href=\"http:\/\/comiteaquitaineboxe.com\/\" target=\"_blank\" rel=\"noopener noreferrer\">Comit\u00e9 R\u00e9gional Aquitaine Boxe<\/a><\/span><\/p>\n<p><span style=\"color: #00ccff;\">\u2022 Depuis 2012 &#8211; 2014 : Membre de la Commission R\u00e9gionale\u00a0de Discipline &#8211; Repr\u00e9sentant Full Contact\u00a0<a style=\"color: #00ccff;\" href=\"http:\/\/www.ffkmda.fr\/\" target=\"_blank\" rel=\"noopener noreferrer\">(FFSC&amp;DA)<\/a><\/span><\/p>\n<p><span style=\"color: #00ccff;\">\u2022 Depuis 2011 : Membre du CA du Comit\u00e9 D\u00e9partemental des Pyr\u00e9n\u00e9es Atlantiques de Boxe<\/span><\/p>\n<p><span style=\"color: #00ccff;\">\u2022 Depuis 2006 : Pr\u00e9sident fondateur et\u00a0entra\u00eeneur\u00a0du <a style=\"color: #00ccff;\" href=\"http:\/\/boxe-club.fr\/\" target=\"_blank\" rel=\"noopener noreferrer\">Boxing Club d\u2019Orthez<\/a><\/span><\/p>\n<p><span style=\"color: #00ccff;\">\u2022 2001 &#8211; 2006 :\u00a0Entra\u00eeneur b\u00e9n\u00e9vole de la Section Boxe du Centre Socioculturel d&rsquo;Orthez<\/span><\/p>\n<p><span style=\"color: #00ff00;\"><strong>FORMATION<\/strong><\/span><\/p>\n<p><span style=\"color: #00ccff;\">\u2022 2023 : Brevet Professionnel de la Jeunesse et de l\u2019\u00c9ducation Populaire du Sport Mention Sports de Contact (Full-Contact, Kick-Boxing, MuayTha\u00ef)<\/span><\/p>\n<p><span style=\"color: #00ccff;\">\u2022 2016 : Formation Nutrition Sportive &amp; Nutrition Sant\u00e9 Bien-\u00catre<\/span><\/p>\n<p><span style=\"color: #00ccff;\">\u2022 2010 &#8211; 2012 : Brevet Professionnel de la Jeunesse et de l\u2019\u00c9ducation Populaire du Sport Mention Boxe (BP JEPS BOXE)<\/span><br \/>\n<span style=\"color: #00ccff;\"> <a style=\"color: #00ccff;\" href=\"http:\/\/www.espace1000sources.com\/\" target=\"_blank\" rel=\"noopener noreferrer\"> Centre Sportif D\u00e9partemental de Bugeat (19) en Corr\u00e8ze<\/a><\/span><\/p>\n<p><span style=\"color: #00ccff;\">\u2022 2010 &#8211; 2012 : Formation Dipl\u00f4me Universitaire de Pr\u00e9paration Physique Gilles Cometti<\/span><br \/>\n<span style=\"color: #00ccff;\"> <a style=\"color: #00ccff;\" href=\"http:\/\/expertise-performance.u-bourgogne.fr\/\" target=\"_blank\" rel=\"noopener noreferrer\">Centre d&rsquo;Expertise de la Performance bas\u00e9 \u00e0 Dijon<\/a> (21)<\/span><\/p>\n<p><span style=\"color: #00ccff;\">\u2022 2006 &#8211; 2007 : Brevet Professionnel de la Jeunesse et de l\u2019\u00c9ducation Populaire du Sport Sp\u00e9cialit\u00e9 : Activit\u00e9s Physiques pour Tous (BP JEPS APT)<\/span><br \/>\n<span style=\"color: #00ccff;\"> <a style=\"color: #00ccff;\" href=\"http:\/\/www.aquitainesportpourtous.com\/\" target=\"_blank\" rel=\"noopener noreferrer\">Aquitaine Sport Pour Tous \u00e0 Villenave-d&rsquo;Ornon <\/a>(33)<\/span><\/p>\n<p><span style=\"color: #00ccff;\">\u2022 20 F\u00e9vrier 2005 : Ceinture noire de Full Contact<\/span><br \/>\n<span style=\"color: #00ccff;\"> Floirac (33)<\/span><\/p>\n<p><span style=\"color: #00ccff;\">\u2022 2003 &#8211; 2004 : Brevet de Moniteur F\u00e9d\u00e9ral de Full Contact<\/span><br \/>\n<span style=\"color: #00ccff;\"> Cit\u00e9 Verte \u00e0 Hagetmau (40)<\/span><\/p>\n<p><span style=\"color: #00ff00;\"><strong>PRATIQUES SPORTIVES<\/strong><\/span><\/p>\n<p><span style=\"color: #00ccff;\">\u2022 Depuis 2008 : Boxe Anglaise \u00e0 Orthez\u00a0et Pau<\/span><\/p>\n<p><span style=\"color: #00ccff;\">\u2022 1998 &#8211; 2008 : Full Contact \u00e0 Orthez &#8211; Biarritz &#8211; Pau &#8211; Hagetmau<\/span><\/p>\n<p><script>\/\/ <![CDATA[ (function(i,s,o,g,r,a,m){i['GoogleAnalyticsObject']=r;i[r]=i[r]||function(){ (i[r].q=i[r].q||[]).push(arguments)},i[r].l=1*new Date();a=s.createElement(o), m=s.getElementsByTagName(o)[0];a.async=1;a.src=g;m.parentNode.insertBefore(a,m) })(window,document,'script','\/\/www.google-analytics.com\/analytics.js','ga'); ga('create', 'UA-62722757-1', 'auto'); ga('send', 'pageview'); \/\/ ]]><\/script><\/p>\n","protected":false},"excerpt":{"rendered":"<p>ENTRA\u00ceNEUR\u00a0&#8211; FORMATEUR &#8211; DIRIGEANT BOXE &#8211; SPORTS DE CONTACT \u2022 Depuis 2017 : Formateur Pr\u00e9v\u00f4ts F\u00e9d\u00e9raux &amp; BPJEPS Mention Boxe pour la F\u00e9d\u00e9ration Fran\u00e7aise de Boxe au CREPS de Bordeaux \u2022 Depuis 2016 : Secr\u00e9taire G\u00e9n\u00e9ral du Comit\u00e9 D\u00e9partemental des Pyr\u00e9n\u00e9es Atlantiques de Boxe \u2022 Depuis 2015 : Membre\u00a0de la Commission Juridique\/Discipline du Comit\u00e9 R\u00e9gional [&hellip;]<\/p>\n","protected":false},"author":1,"featured_media":0,"parent":19,"menu_order":2,"comment_status":"closed","ping_status":"open","template":"","meta":[],"_links":{"self":[{"href":"http:\/\/ghae.fr\/index.php?rest_route=\/wp\/v2\/pages\/321"}],"collection":[{"href":"http:\/\/ghae.fr\/index.php?rest_route=\/wp\/v2\/pages"}],"about":[{"href":"http:\/\/ghae.fr\/index.php?rest_route=\/wp\/v2\/types\/page"}],"author":[{"embeddable":true,"href":"http:\/\/ghae.fr\/index.php?rest_route=\/wp\/v2\/users\/1"}],"replies":[{"embeddable":true,"href":"http:\/\/ghae.fr\/index.php?rest_route=%2Fwp%2Fv2%2Fcomments&post=321"}],"version-history":[{"count":27,"href":"http:\/\/ghae.fr\/index.php?rest_route=\/wp\/v2\/pages\/321\/revisions"}],"predecessor-version":[{"id":598,"href":"http:\/\/ghae.fr\/index.php?rest_route=\/wp\/v2\/pages\/321\/revisions\/598"}],"up":[{"embeddable":true,"href":"http:\/\/ghae.fr\/index.php?rest_route=\/wp\/v2\/pages\/19"}],"wp:attachment":[{"href":"http:\/\/ghae.fr\/index.php?rest_route=%2Fwp%2Fv2%2Fmedia&parent=321"}],"curies":[{"name":"wp","href":"https:\/\/api.w.org\/{rel}","templated":true}]}}